{"id":585,"date":"2025-09-27T18:09:47","date_gmt":"2025-09-27T16:09:47","guid":{"rendered":"https:\/\/osloohara.net\/?page_id=585"},"modified":"2025-09-29T22:37:25","modified_gmt":"2025-09-29T20:37:25","slug":"oslo-ohara-wikipedia","status":"publish","type":"page","link":"https:\/\/osloohara.net\/index.php\/oslo-ohara-wikipedia\/","title":{"rendered":"Oslo Ohara"},"content":{"rendered":"\n<p><em>Si j&#8217;avais une page Wikip\u00e9dia, elle ressemblerait s\u00fbrement \u00e0 cela.<\/em><\/p>\n\n\n\n<p class=\"has-text-align-center\">***<\/p>\n\n\n<div class=\"wp-block-image\">\n<figure class=\"alignleft size-medium\"><img loading=\"lazy\" decoding=\"async\" width=\"225\" height=\"300\" src=\"https:\/\/osloohara.net\/wp-content\/uploads\/2025\/09\/osloohara-225x300.png\" alt=\"\" class=\"wp-image-610\" srcset=\"https:\/\/osloohara.net\/wp-content\/uploads\/2025\/09\/osloohara-225x300.png 225w, https:\/\/osloohara.net\/wp-content\/uploads\/2025\/09\/osloohara-768x1024.png 768w, https:\/\/osloohara.net\/wp-content\/uploads\/2025\/09\/osloohara-1152x1536.png 1152w, https:\/\/osloohara.net\/wp-content\/uploads\/2025\/09\/osloohara-1536x2048.png 1536w, https:\/\/osloohara.net\/wp-content\/uploads\/2025\/09\/osloohara-scaled.png 1920w\" sizes=\"auto, (max-width: 225px) 100vw, 225px\" \/><\/figure>\n<\/div>\n\n\n<p>Oslo Ohara est un p\u00e9d\u00e9blogueur fran\u00e7ais n\u00e9 au d\u00e9but des ann\u00e9es 80 en petite couronne parisienne.<\/p>\n\n\n\n<p>Apr\u00e8s un d\u00e9but timide, il se fait conna\u00eetre par son blog Beur-Boy en 2006, au style provocateur et sensuel avant d&#8217;effectuer un virage plus intime en 2007.<\/p>\n\n\n\n<p>Connu pour son style \u00e9pur\u00e9 avec une pointe d&#8217;humour, il est d&#8217;abord tr\u00e8s prolifique avant de r\u00e9guli\u00e8rement marquer des pauses dans le blogging.<\/p>\n\n\n\n<p>En 2023, alors qu&#8217;il quitte progressivement Twitter suite \u00e0 l&#8217;arriv\u00e9e d&#8217;Elon Musk, il d\u00e9cide de bloguer \u00e0 nouveau de fa\u00e7on discr\u00e8te.<\/p>\n\n\n\n<h2 class=\"wp-block-heading\">Biographie<\/h2>\n\n\n\n<h4 class=\"wp-block-heading\">Enfance et adolescence<\/h4>\n\n\n\n<p>A\u00een\u00e9 d&#8217;une fratrie de trois gar\u00e7ons, il s&#8217;imagine tr\u00e8s t\u00f4t \u00e9crivain et commence \u00e0 r\u00e9guli\u00e8rement \u00e9crire des histoires. Enfant de la t\u00e9l\u00e9, il s&#8217;amuse \u00e0 enregistrer sur cassette audio des \u00e9pisodes de fiction le mettant en sc\u00e8ne.<\/p>\n\n\n\n<p>\u00c9motionnellement et physiquement pr\u00e9coce, il se rend compte tr\u00e8s rapidement qu&#8217;il est en d\u00e9calage avec son genre et \u00e9labore une histoire visant \u00e0 expliquer pourquoi il ne se trouve pas dans le bon corps. <\/p>\n\n\n\n<p>D\u00e8s neuf ans, son corps mue. Il est d&#8217;abord paniqu\u00e9 \u00e0 l&#8217;id\u00e9e que l&#8217;issue de ces changements l&#8217;\u00e9loignent compl\u00e8tement de ce qu&#8217;il pense \u00eatre \u00e0 l&#8217;int\u00e9rieur. <em>&#8220;Je devenais un gar\u00e7on et j&#8217;\u00e9tais terroris\u00e9. J&#8217;avais vu mes copines entrer dans leur cycle les unes apr\u00e8s les autres. Elles allaient devenir des femmes. Mon corps \u00e0 moi ne suivait pas les m\u00eames bouleversements. Mes poils poussaient, mon corps et mes pieds s&#8217;allongeaient, mon visage s&#8217;est d\u00e9form\u00e9. Je faisais tout pour retarder l&#8217;in\u00e9vitable comme essayer de maintenir ma voix.&#8221;<\/em><\/p>\n\n\n\n<p> Il plaisantera une fois adulte et dira qu&#8217;il aura \u00e9t\u00e9 en travaux de neuf \u00e0 vingt et un ans. <\/p>\n\n\n\n<p>Comme tout jeune queer, il se heurte au harc\u00e8lement, aux insultes et aux bagarres. Il notera d&#8217;ailleurs une \u00e9volution rapide des quolibets. D&#8217;abord <em>lavette<\/em> puis <em>femmelette<\/em> pour souligner son caract\u00e8re de fille manqu\u00e9e, les insultes passeront tr\u00e8s vite \u00e0 l&#8217;identification homosexuelle. Il commence tr\u00e8s t\u00f4t \u00e0 \u00eatre la <em>p\u00e9dale<\/em> puis le <em>p\u00e9d\u00e9<\/em>. <em>&#8220;C&#8217;\u00e9tait tr\u00e8s \u00e9trange de voir les gens me traiter de p\u00e9d\u00e9 alors m\u00eame que je ne connaissais ni le mot ni ses implications&#8221;<\/em>.<\/p>\n\n\n\n<blockquote class=\"wp-block-quote is-layout-flow wp-block-quote-is-layout-flow\">\n<p>&#8220;Je ne sais pas comment j&#8217;ai surv\u00e9cu \u00e0 tout \u00e7a, comment j&#8217;ai r\u00e9ussi \u00e0 ce que \u00e7a ne me mine ni ne me d\u00e9truise jamais. C&#8217;\u00e9tait tr\u00e8s violent. J&#8217;ai grandi et je me suis construit avec. J&#8217;ai laiss\u00e9 faire et dire quand je le pouvais et je me suis d\u00e9fendu quand je le devais. J&#8217;\u00e9tais entour\u00e9 et finalement \u00e9trangement populaire et appr\u00e9ci\u00e9&#8221;.<\/p>\n<\/blockquote>\n\n\n\n<p>Il commence progressivement \u00e0 \u00eatre happ\u00e9 par ses r\u00eaveries et dispara\u00eet tr\u00e8s fr\u00e9quemment dans les r\u00e9alit\u00e9s alternatives qu&#8217;il cr\u00e9\u00e9. Il est rattrap\u00e9 une premi\u00e8re fois par sa prof de sciences \u00e9conomiques et sociales qui lui fait comprendre qu&#8217;elle le sent glisser chaque fois qu&#8217;elle le regarde en cours. Il est alors \u00e2g\u00e9 de 17 ans.<\/p>\n\n\n\n<p>L&#8217;ann\u00e9e suivante, alors \u00e0 la fac, il fait la connaissance de celles qui deviendront ses meilleures amies. Suffisamment en confiance, il entamera son processus de coming out d&#8217;abord aupr\u00e8s de sa m\u00e8re puis aupr\u00e8s d&#8217;elles.<\/p>\n\n\n\n<p>Au sujet du coming out dans un famille maghr\u00e9bine et musulmane, il dira :<\/p>\n\n\n\n<blockquote class=\"wp-block-quote is-layout-flow wp-block-quote-is-layout-flow\">\n<p>&#8220;Je n&#8217;ai jamais imagin\u00e9 un instant que ma m\u00e8re puisse me rejeter. C&#8217;\u00e9tait un soir d&#8217;automne pluvieux apr\u00e8s la fac, j&#8217;avais besoin que cela sorte. Nous avions toujours \u00e9t\u00e9 tr\u00e8s proches et le confident de l&#8217;un et de l&#8217;autre. \u00c7a a \u00e9t\u00e9 notre moment \u00e0 nous deux. Peut-\u00eatre le plus difficile pour nous deux aussi. Elle m&#8217;a exprim\u00e9 ses peurs, la maladie, la solitude et l&#8217;impossibilit\u00e9, \u00e0 l&#8217;\u00e9poque, d&#8217;imaginer que je puisse fonder une famille. \u00c0 aucun moment, il n&#8217;a \u00e9t\u00e9 question de religion, de p\u00e9ch\u00e9 ou autre. Elle n&#8217;avait pas peur pour elle, elle avait peur pour moi. Nous avons pleur\u00e9 et tout ce que je retiens aujourd&#8217;hui en y repensant, c&#8217;est cet amour inconditionnel&#8221;.<\/p>\n<\/blockquote>\n\n\n\n<p>C&#8217;est en 2021 qu&#8217;il prend conscience que sa bataille avec son genre est termin\u00e9e et se sent enfin libre d&#8217;en parler.<\/p>\n\n\n\n<h4 class=\"wp-block-heading\">D\u00e9buts et r\u00e9v\u00e9lation bloguesque<\/h4>\n\n\n\n<p>Il commence tr\u00e8s t\u00f4t \u00e0 s&#8217;int\u00e9resser au net et \u00e0 vouloir s&#8217;y faire une place.<\/p>\n\n\n\n<p>En 2004, il cr\u00e9e son premier blog <strong>Complex<\/strong> directement en html. Il prend r\u00e9guli\u00e8rement l&#8217;habitude de d\u00e9cortiquer les pages internet sur lesquelles il tombe pour am\u00e9liorer l&#8217;aspect du blog et se perfectionner.<\/p>\n\n\n\n<p>En r\u00e9f\u00e9rence \u00e0 son crush pour l&#8217;acteur tch\u00e8que de films pornographiques, <em>Pavel Novotny<\/em>, il change le nom de son blog et devient <strong>Czech-Boy<\/strong>. Il commence \u00e0 commenter sur les autres blogs pour se faire conna\u00eetre et rencontre Cayetano, au blog d\u00e9j\u00e0 c\u00e9l\u00e8bre.<\/p>\n\n\n\n<p>En pleine spirale cr\u00e9atrice, ils \u00e9crivent tous les deux r\u00e9guli\u00e8rement sur leurs blogs respectifs et postent des photos sur DeviantART. Il commence \u00e9galement \u00e0 y d\u00e9voiler ses dessins.<\/p>\n\n\n\n<p>\u00c0  l&#8217;\u00e9t\u00e9 2006, alors en vacances au pays basque et r\u00e9alisant qu&#8217;il se censure l\u00e9g\u00e8rement, il d\u00e9veloppe l&#8217;id\u00e9e d&#8217;un blog lui permettant de parler plus librement de sexe. En rapport \u00e0 son blog intitul\u00e9 Czech-Boy, il souhaite cette fois-ci embrasser sa personnalit\u00e9 maghr\u00e9bine qu&#8217;il ne met jamais en avant et pouvoir explorer davantage son c\u00f4t\u00e9 plus sensuel.<\/p>\n\n\n\n<p>Il cr\u00e9e le blog <strong>Beur-Boy<\/strong> sur la plateforme Blogspot. Sulfureux, le blog propose \u00e9galement des photos de c\u00e9l\u00e9brit\u00e9s ou mannequins masculins, des reviews d&#8217;\u00e9missions ou de s\u00e9ries tv. Il commence \u00e0 attirer les curieux et il est m\u00eame sollicit\u00e9 par des marques pour proposer des produits.<\/p>\n\n\n\n<p>Il continue en parall\u00e8le \u00e0 \u00e9crire sur Czech-Boy comme pour compartimenter ses deux aspects oppos\u00e9s.<\/p>\n\n\n\n<p>En mars 2007, apr\u00e8s un billet de blog intime plut\u00f4t remarqu\u00e9, il d\u00e9cide de proposer des billets d&#8217;humeur sur une extension du blog, <strong>Beur-Boy {Intime}<\/strong>. Plus int\u00e9ress\u00e9 \u00e0 l&#8217;id\u00e9e d&#8217;\u00e9crire que de simplement poster des photos, il s\u00e9pare les deux parties avant de progressivement supprimer <strong>Beur-Boy {X}<\/strong>.<\/p>\n\n\n\n<p>C&#8217;est avec Beur-Boy {Intime} qu&#8217;il perce v\u00e9ritablement et entre dans le monde des P\u00e9d\u00e9blogueurs, un univers vaste de gar\u00e7ons sensibles tenant des blogs vari\u00e9s dont il en rencontrera les grands noms.<\/p>\n\n\n\n<p>R\u00e9guli\u00e8rement invit\u00e9 chez Adam dont il fait la connaissance en premier, il y retrouvera Danopillo qu&#8217;il avait d\u00e9j\u00e0 rencontr\u00e9 suite \u00e0 un concours lanc\u00e9 sur son blog, puis plus tard Baron-Rouge et Ekkooo.<\/p>\n\n\n\n<p>La Marche des Fiert\u00e9s de Paris 2007 (alors simplement <em>Gay Pride<\/em>) l&#8217;am\u00e8nera \u00e0 rencontrer Atypik et marquera un tournant pour lui.<\/p>\n\n\n\n<h4 class=\"wp-block-heading\">Naissance d&#8217;Oslo Ohara<\/h4>\n\n\n\n<p>En 2009, apr\u00e8s une s\u00e9rie de ruptures (amoureuse d&#8217;abord puis amicales ensuite), il marque une pause dans son blog Beur-Boy. Le besoin d&#8217;\u00e9crire l&#8217;am\u00e8nera \u00e0 se cr\u00e9er une nouvelle personnalit\u00e9 en ligne, <strong>Oslo Ohara<\/strong>.<\/p>\n\n\n\n<blockquote class=\"wp-block-quote is-layout-flow wp-block-quote-is-layout-flow\">\n<p>&#8220;J&#8217;avais dessin\u00e9 cette fille un peu gar\u00e7on manqu\u00e9 que j&#8217;avais appel\u00e9 Oslo, et j&#8217;avais lu plus tard le nom Ohara sur une affiche du m\u00e9tro. (&#8230;) Oslo Ohara, j&#8217;aimais bien la sonorit\u00e9, et c&#8217;est devenu Moi.&#8221;<\/p>\n<\/blockquote>\n\n\n\n<p>Il blogue secr\u00e8tement sous cet alias avant d&#8217;\u00eatre rapidement d\u00e9couvert et revient sur son blog principal. Mais ses billets post-ruptures sont plus amers et tristes et avec l&#8217;\u00e9mergence des r\u00e9seaux sociaux et la d\u00e9saffection pour les blogs, il ne parvient pas \u00e0 susciter le m\u00eame engouement et le m\u00eame engagement.<\/p>\n\n\n\n<p>En 2012, il met fin une premi\u00e8re fois \u00e0 son blog et entame une nouvelle aventure bloguesque sous le pseudonyme <strong>James &amp; les Hologrammes<\/strong>. L&#8217;un de ses billets sur la Manif pour Tous est massivement repartag\u00e9. Cette exp\u00e9rience le marquera. <em>&#8220;Je me suis r\u00e9veill\u00e9 un matin avec une tonne de notifications et de commentaires de personnes que je ne connaissais pas. C&#8217;\u00e9tait effrayant.&#8221;<\/em><\/p>\n\n\n\n<p>Tr\u00e8s attach\u00e9 \u00e0 Beur-Boy qu&#8217;il appelle <em>&#8220;son chalet dans les bois&#8221;<\/em>, il revient y poster r\u00e9guli\u00e8rement de 2018 \u00e0 2022 avant de dispara\u00eetre \u00e0 nouveau.<\/p>\n\n\n\n<p>En octobre 2025, il donne enfin des nouvelles de lui et partage qu&#8217;il s&#8217;est trouv\u00e9 un nouvel endroit pour \u00e9crire.<\/p>\n\n\n\n<h4 class=\"wp-block-heading\">Style <\/h4>\n\n\n\n<p>Son style de blogging est d&#8217;abord du type journal. Il sera d&#8217;ailleurs une premi\u00e8re fois d\u00e9couvert par ses coll\u00e8gues de boulot \u00e0 cause du r\u00e9f\u00e9rencement de Google lors de sa p\u00e9riode Czech-Boy.<\/p>\n\n\n\n<p>Par la suite, il sera connu pour ses histoires plus douces et son humour. Habitu\u00e9 des messages cod\u00e9s, il abusera de son blog pour faire passer des messages et finira par froisser et perdre des proches (<em>sources manquantes<\/em>).<\/p>\n\n\n\n<p>Il ne parviendra jamais \u00e0 totalement assumer le caract\u00e8re sulfureux et autrefois sexuel de Beur-Boy. Sa volont\u00e9 de ne jamais poster de photo de son visage renforcera l&#8217;image st\u00e9r\u00e9otyp\u00e9e de &#8220;l&#8217;arabe de cit\u00e9 discret et clich\u00e9 sous testost\u00e9rone&#8221;.<\/p>\n\n\n\n<blockquote class=\"wp-block-quote is-layout-flow wp-block-quote-is-layout-flow\">\n<p>&#8220;Les gens imaginaient que j&#8217;\u00e9tais une sorte de boeuf en survet dominateur et ils d\u00e9couvraient en me rencontrant que j&#8217;\u00e9tais Princesse Sarah&#8230; j&#8217;ai longtemps pens\u00e9 que j&#8217;\u00e9tais un imposteur parce que je mettais en avant un c\u00f4t\u00e9 maghr\u00e9bin qui ne me repr\u00e9sentait absolument pas. Il m&#8217;a fallu du temps pour diluer tout ce qui me constitue et me laisser \u00eatre plus authentique. Et bizarrement, c&#8217;est ma rupture et le fait d&#8217;\u00e9crire sur mon coeur bris\u00e9 qui me l&#8217;a permis&#8221;. <\/p>\n<\/blockquote>\n\n\n\n<p>Il ajoutera que le contraste important entre le personnage de Beur-Boy tel que les gens l&#8217;imaginaient et le fantasmaient et sa v\u00e9ritable personnalit\u00e9 l&#8217;am\u00e8neront \u00e0 complexer sur sa v\u00e9ritable apparence.<\/p>\n\n\n\n<p>\u00c0 ce sujet, il reconna\u00eetra que si Beur-Boy \u00e9tait un personnage, Oslo Ohara n&#8217;en est pas. Et c&#8217;est toute la diff\u00e9rence entre les deux. <\/p>\n\n\n\n<h4 class=\"wp-block-heading\">Influences<\/h4>\n\n\n\n<p>Tr\u00e8s attach\u00e9 aux Magical Girls de son enfance, Oslo Ohara est un fan inconditionnel du manga <em>Sailor Moon<\/em> de Naoko Takeuchi. Il se dit \u00e9galement tr\u00e8s proche du personnage tr\u00e8s contest\u00e9 de Jenny Schecter de la s\u00e9rie <em>The L Word<\/em>.<\/p>\n\n\n\n<p>Il garde une rancoeur absolue envers Netflix pour l&#8217;arr\u00eat de la s\u00e9rie <em>The OA<\/em> qu&#8217;il consid\u00e8re comme l&#8217;une des meilleures s\u00e9ries jamais \u00e9crites. <\/p>\n\n\n\n<h2 class=\"wp-block-heading\">Vie Priv\u00e9e<\/h2>\n\n\n\n<p>Oslo Ohara est en couple avec K\u00e9vin Bacon depuis 2009. Plut\u00f4t discrets, les deux hommes ont emm\u00e9nag\u00e9 ensemble apr\u00e8s le Covid.<\/p>\n\n\n\n<p>Sur sa p\u00e9riode Beur-Boy, on lui pr\u00eate une relation avec le blogueur Atypik. Il \u00e9crira \u00e0 ce sujet en 2020 <em>&#8220;en relisant le billet que j\u2019avais \u00e9crit \u00e0 l\u2019\u00e9poque, je dois admettre que j\u2019\u00e9tais imm\u00e9diatement tomb\u00e9 amoureux de ce gar\u00e7on.&#8221;<\/em> Mais il semble toutefois peu probable qu&#8217;Atypik ait partag\u00e9 de tels sentiments m\u00eame si leurs proches \u00e9voquent <em>&#8220;des moments o\u00f9 ils \u00e9taient comme dans une bulle, juste tous les deux, et pendant lesquels on se sentait mis \u00e0 l&#8217;\u00e9cart&#8221;.<\/em><\/p>\n\n\n\n<p>Interrog\u00e9 sur son type d&#8217;hommes, il r\u00e9pondra <em>&#8220;je suis plut\u00f4t int\u00e9ress\u00e9 \u00e0 l&#8217;id\u00e9e de savoir de qui je suis le type&#8221;<\/em> en r\u00e9f\u00e9rence \u00e0 l&#8217;une de ses th\u00e9ories selon laquelle on est le type d&#8217;homme d&#8217;un type d&#8217;hommes en particulier. <em>&#8220;J&#8217;ai toujours attir\u00e9 les gar\u00e7ons de bonne famille aux jolis yeux et aux talents de cuisiniers&#8230;&#8221;<\/em><\/p>\n\n\n\n<h2 class=\"wp-block-heading\">Blogographie <\/h2>\n\n\n\n<p><strong>Czech-Boy<\/strong> (2004 &#8211; 2011) <br><strong>Beur-Boy {X}<\/strong> (2006 &#8211; 2008)<br><strong>Beur-Boy<\/strong> (depuis 2007)<br><strong>Oslo Ohara<\/strong> (2009 puis depuis 2023)<br><strong>James &amp; les Hologrammes<\/strong> (2012 &#8211; 2017)<\/p>\n\n\n\n<h2 class=\"wp-block-heading\">Distinctions<\/h2>\n\n\n\n<p>Pour son blog <strong>Beur-Boy<\/strong>, il a \u00e9t\u00e9 cit\u00e9 dans le magazine <strong>Sensitif<\/strong> (num\u00e9ro 23) et <strong>T\u00eatu<\/strong> (<em>sources manquantes<\/em>) et fait \u00e9galement partie de la liste de liens s\u00e9lect du <strong>Matooblog<\/strong> (partie Liages et Copinage).<\/p>\n","protected":false},"excerpt":{"rendered":"<p>Si j&#8217;avais une page Wikip\u00e9dia, elle ressemblerait s\u00fbrement \u00e0 cela. *** Oslo Ohara est un p\u00e9d\u00e9blogueur fran\u00e7ais n\u00e9 au d\u00e9but des ann\u00e9es 80 en petite<\/p>\n","protected":false},"author":1,"featured_media":0,"parent":0,"menu_order":0,"comment_status":"closed","ping_status":"closed","template":"","meta":{"footnotes":""},"class_list":["post-585","page","type-page","status-publish","hentry"],"_links":{"self":[{"href":"https:\/\/osloohara.net\/index.php\/wp-json\/wp\/v2\/pages\/585","targetHints":{"allow":["GET"]}}],"collection":[{"href":"https:\/\/osloohara.net\/index.php\/wp-json\/wp\/v2\/pages"}],"about":[{"href":"https:\/\/osloohara.net\/index.php\/wp-json\/wp\/v2\/types\/page"}],"author":[{"embeddable":true,"href":"https:\/\/osloohara.net\/index.php\/wp-json\/wp\/v2\/users\/1"}],"replies":[{"embeddable":true,"href":"https:\/\/osloohara.net\/index.php\/wp-json\/wp\/v2\/comments?post=585"}],"version-history":[{"count":34,"href":"https:\/\/osloohara.net\/index.php\/wp-json\/wp\/v2\/pages\/585\/revisions"}],"predecessor-version":[{"id":649,"href":"https:\/\/osloohara.net\/index.php\/wp-json\/wp\/v2\/pages\/585\/revisions\/649"}],"wp:attachment":[{"href":"https:\/\/osloohara.net\/index.php\/wp-json\/wp\/v2\/media?parent=585"}],"curies":[{"name":"wp","href":"https:\/\/api.w.org\/{rel}","templated":true}]}}